{"id":11852,"date":"2019-05-24T18:19:23","date_gmt":"2019-05-24T16:19:23","guid":{"rendered":"https:\/\/www.heptown.com\/calendar\/kulturnatten-i-lund-dansar-2019\/"},"modified":"2019-09-21T18:17:46","modified_gmt":"2019-09-21T16:17:46","slug":"kulturnatten-i-lund-dansar-2019","status":"publish","type":"tribe_events","link":"https:\/\/www.heptown.com\/sv\/calendar\/kulturnatten-i-lund-dansar-2019\/","title":{"rendered":"Kulturnatten i Lund Dansar 2019"},"content":{"rendered":"<p>P\u00e5 en dansbana p\u00e5 Stenkrossens innerg\u00e5rd bjuder massor av dansorganisationer upp till dans. Det blir gratis Prova-p\u00e5 och uppvisningar i allt fr\u00e5n magdans till Lindy Hop fr\u00e5n kl 12 till midnatt.<\/p>\n<h3>SCHEMA  F\u00d6R DANSBANAN P\u00c5 STENKROSSENS INNERG\u00c5RD<\/h3>\n<p>Start       Dansorganisation:   ::  Dans:<br \/>\n12.00   Pe\u00f1a Flamenca El Planeta    ::  Flamenco<br \/>\n12.50   Lunds Dansklubb G\u00e5sasteget  ::  Bugg<br \/>\n13.40   Salsa Sabrosa Dansskola &#8211; Malm\u00f6 Lund Lomma  ::  Salsa<br \/>\n14.30   Medborgarskolan ::  Flamencodans<br \/>\n15.15   Nya R\u00f6relsen    ::  Modern<br \/>\n15.55   Illusion fr\u00e5n Style Dance Studio    ::  Contemporary jazz<br \/>\n16.15   Jannah- Belly dance show group :: Orientalisk Magdans<br \/>\n16.45   PAUS    ::<br \/>\n17.00   Mengue flamenco ::  Flamenco<br \/>\n17.30   Zwing it dans- och musikskola   ::  Jazz, street, contemporary<br \/>\n18.00   Style Dance Studio  ::  Showdans, Streetdance, Jazz, K-Pop<br \/>\n18.30   Lunds Studenters Folkdanslag    ::  L\u00e5ngdans och schottis<br \/>\n19.00   Fast Feet Society   ::  Collegiate Shag<br \/>\n19.35   The Tap Ladies from Lund    ::  Steppdans<br \/>\n20.00   Medborgarskolan ::  WorldMusicDance<br \/>\n20.15   Folkdansf\u00f6reningen Balkanf\u00f6tter<br \/>\n20.30   Al Fayruz &#8211; Medborgarskolan ::  Orientalisk Dans<br \/>\n21.20   J.A.M   ::  Michael Jackson Style<br \/>\n22.00   Fireflow Oriental Dance ::  Orientalisk dans \/ Magdans<br \/>\n23.00   HepTown ::  Lindy Hop<br \/>\n00.00   Trattgrammofonsdisco med DJ Prohibition<br \/>\n01.00   Eldshow med Favilla<\/p>\n<p>Se vem som har uppvisning, prova-p\u00e5 samt livemusik h\u00e4r: https:\/\/goo.gl\/F9srEj<\/p>\n<p>Det h\u00e4nder massa annat i  stenkrossens m\u00e5nga lokaler  bl.a.f\u00f6ljande i Bygghallen<\/p>\n<p>I BYGGHALLEN,<br \/>\n18:00 \u2013 19:00 Oriental Move-Dance Theater<br \/>\n20:00 \u2013 21:00 DJ Prohibition f\u00f6rel\u00e4sning trattgrammofonens historia med Erik Ask-Upmark<\/p>\n<h2>www.kulturnatten.nu<\/h2>\n<p>Dansgolvet kommer att byggas p\u00e5 Stenkrossens innerg\u00e5rd<\/p>\n<p>Adress Kastanjegatan 13:<\/p>\n<p>Karta: https:\/\/goo.gl\/maps\/xuSfeiXv5yw<\/p>\n<p>Dansyta: 10&#215;9.5m tr\u00e4golv<\/p>\n<p>Arrang\u00f6r: Kultur Lund<\/p>\n<p>www.kulturnatten.nu<\/p>\n<hr \/>\n<p>INTRESSEANM\u00c4LAN DELTAGARE<br \/>\nF\u00f6r att vara med p\u00e5 kurserna som erbjuds denna dag beh\u00f6vs ingen anm\u00e4lan. Det \u00e4r bara att dyka upp och delta. Man f\u00e5r dock v\u00e4ldigt g\u00e4rna bjuda in sina v\u00e4nner till detta event<\/p>\n<p>V\u00e4lkommna!<\/p>\n<p>Kultur Lund &amp; H\u00e5kan<br \/>\nwww.kulturnatten.nu<\/p>\n<p>Har din dansorganisation inte f\u00e5tt n\u00e5gon inbjudan att vara med?<br \/>\nMaila H\u00e5kan p\u00e5 hakan@heptown.com s\u00e5 f\u00e5r du en inbjudan n\u00e4sta \u00e5r<\/p>\n<p><a href=\"https:\/\/www.facebook.com\/events\/2479436615408789\/\">Facebook-event<\/a>]<\/p>\n","protected":false},"excerpt":{"rendered":"<p>P\u00e5 en dansbana p\u00e5 Stenkrossens innerg\u00e5rd bjuder massor av dansorganisationer upp till dans. Det blir gratis Prova-p\u00e5 och uppvisningar i allt fr\u00e5n magdans till Lindy Hop fr\u00e5n kl 12 till &hellip; <a href=\"https:\/\/www.heptown.com\/sv\/calendar\/kulturnatten-i-lund-dansar-2019\/\" class=\"more-link\">Forts\u00e4tt l\u00e4sa<span class=\"screen-reader-text\"> \u201dKulturnatten i Lund Dansar 2019\u201d<\/span><\/a><\/p>\n","protected":false},"author":5,"featured_media":11853,"template":"","meta":{"_tribe_events_status":"","_tribe_events_status_reason":"","_tribe_events_is_hybrid":"","_tribe_events_is_virtual":"","_tribe_events_virtual_video_source":"","_tribe_events_virtual_embed_video":"","_tribe_events_virtual_linked_button_text":"","_tribe_events_virtual_linked_button":"","_tribe_events_virtual_show_embed_at":"","_tribe_events_virtual_show_embed_to":[],"_tribe_events_virtual_show_on_event":"","_tribe_events_virtual_show_on_views":"","_tribe_events_virtual_url":"","footnotes":""},"tags":[],"tribe_events_cat":[7,36,5,25,35],"class_list":["post-11852","tribe_events","type-tribe_events","status-publish","has-post-thumbnail","hentry","tribe_events_cat-beginners-class","tribe_events_cat-heptown","tribe_events_cat-lindy-hop","tribe_events_cat-lund","tribe_events_cat-oresund","cat_beginners-class","cat_heptown","cat_lindy-hop","cat_lund","cat_oresund"],"yoast_head":"<!-- This site is optimized with the Yoast SEO plugin v27.5 - https:\/\/yoast.com\/product\/yoast-seo-wordpress\/ -->\n<title>Kulturnatten i Lund Dansar 2019 - HepTown<\/title>\n<meta name=\"robots\" content=\"index, follow, max-snippet:-1, max-image-preview:large, max-video-preview:-1\" \/>\n<link rel=\"canonical\" href=\"https:\/\/www.heptown.com\/sv\/calendar\/kulturnatten-i-lund-dansar-2019\/\" \/>\n<meta property=\"og:locale\" content=\"sv_SE\" \/>\n<meta property=\"og:type\" content=\"article\" \/>\n<meta property=\"og:title\" content=\"Kulturnatten i Lund Dansar 2019 - HepTown\" \/>\n<meta property=\"og:description\" content=\"P\u00e5 en dansbana p\u00e5 Stenkrossens innerg\u00e5rd bjuder massor av dansorganisationer upp till dans. Det blir gratis Prova-p\u00e5 och uppvisningar i allt fr\u00e5n magdans till Lindy Hop fr\u00e5n kl 12 till &hellip; Forts\u00e4tt l\u00e4sa \u201dKulturnatten i Lund Dansar 2019\u201d\" \/>\n<meta property=\"og:url\" content=\"https:\/\/www.heptown.com\/sv\/calendar\/kulturnatten-i-lund-dansar-2019\/\" \/>\n<meta property=\"og:site_name\" content=\"HepTown\" \/>\n<meta property=\"article:publisher\" content=\"https:\/\/www.facebook.com\/SwinginHepTown\" \/>\n<meta property=\"article:modified_time\" content=\"2019-09-21T16:17:46+00:00\" \/>\n<meta property=\"og:image\" content=\"https:\/\/www.heptown.com\/wp-content\/uploads\/2019\/05\/11852_image_61145662_2456808441004107_2338512609231241216_o.jpg\" \/>\n\t<meta property=\"og:image:width\" content=\"720\" \/>\n\t<meta property=\"og:image:height\" content=\"283\" \/>\n\t<meta property=\"og:image:type\" content=\"image\/jpeg\" \/>\n<meta name=\"twitter:card\" content=\"summary_large_image\" \/>\n<meta name=\"twitter:site\" content=\"@heptownswing\" \/>\n<meta name=\"twitter:label1\" content=\"Ber\u00e4knad l\u00e4stid\" \/>\n\t<meta name=\"twitter:data1\" content=\"2 minuter\" \/>\n<script type=\"application\/ld+json\" class=\"yoast-schema-graph\">{\"@context\":\"https:\\\/\\\/schema.org\",\"@graph\":[{\"@type\":\"WebPage\",\"@id\":\"https:\\\/\\\/www.heptown.com\\\/sv\\\/calendar\\\/kulturnatten-i-lund-dansar-2019\\\/\",\"url\":\"https:\\\/\\\/www.heptown.com\\\/sv\\\/calendar\\\/kulturnatten-i-lund-dansar-2019\\\/\",\"name\":\"Kulturnatten i Lund Dansar 2019 - HepTown\",\"isPartOf\":{\"@id\":\"https:\\\/\\\/www.heptown.com\\\/sv\\\/#website\"},\"primaryImageOfPage\":{\"@id\":\"https:\\\/\\\/www.heptown.com\\\/sv\\\/calendar\\\/kulturnatten-i-lund-dansar-2019\\\/#primaryimage\"},\"image\":{\"@id\":\"https:\\\/\\\/www.heptown.com\\\/sv\\\/calendar\\\/kulturnatten-i-lund-dansar-2019\\\/#primaryimage\"},\"thumbnailUrl\":\"https:\\\/\\\/www.heptown.com\\\/wp-content\\\/uploads\\\/2019\\\/05\\\/11852_image_61145662_2456808441004107_2338512609231241216_o.jpg\",\"datePublished\":\"2019-05-24T16:19:23+00:00\",\"dateModified\":\"2019-09-21T16:17:46+00:00\",\"breadcrumb\":{\"@id\":\"https:\\\/\\\/www.heptown.com\\\/sv\\\/calendar\\\/kulturnatten-i-lund-dansar-2019\\\/#breadcrumb\"},\"inLanguage\":\"sv-SE\",\"potentialAction\":[{\"@type\":\"ReadAction\",\"target\":[\"https:\\\/\\\/www.heptown.com\\\/sv\\\/calendar\\\/kulturnatten-i-lund-dansar-2019\\\/\"]}]},{\"@type\":\"ImageObject\",\"inLanguage\":\"sv-SE\",\"@id\":\"https:\\\/\\\/www.heptown.com\\\/sv\\\/calendar\\\/kulturnatten-i-lund-dansar-2019\\\/#primaryimage\",\"url\":\"https:\\\/\\\/www.heptown.com\\\/wp-content\\\/uploads\\\/2019\\\/05\\\/11852_image_61145662_2456808441004107_2338512609231241216_o.jpg\",\"contentUrl\":\"https:\\\/\\\/www.heptown.com\\\/wp-content\\\/uploads\\\/2019\\\/05\\\/11852_image_61145662_2456808441004107_2338512609231241216_o.jpg\",\"width\":720,\"height\":283},{\"@type\":\"BreadcrumbList\",\"@id\":\"https:\\\/\\\/www.heptown.com\\\/sv\\\/calendar\\\/kulturnatten-i-lund-dansar-2019\\\/#breadcrumb\",\"itemListElement\":[{\"@type\":\"ListItem\",\"position\":1,\"name\":\"Hem\",\"item\":\"https:\\\/\\\/www.heptown.com\\\/sv\\\/\"},{\"@type\":\"ListItem\",\"position\":2,\"name\":\"Evenemang\",\"item\":\"https:\\\/\\\/www.heptown.com\\\/sv\\\/calendar\\\/\"},{\"@type\":\"ListItem\",\"position\":3,\"name\":\"Kulturnatten i Lund Dansar 2019\"}]},{\"@type\":\"WebSite\",\"@id\":\"https:\\\/\\\/www.heptown.com\\\/sv\\\/#website\",\"url\":\"https:\\\/\\\/www.heptown.com\\\/sv\\\/\",\"name\":\"HepTown\",\"description\":\"Swing Dance and Retro Culture\",\"potentialAction\":[{\"@type\":\"SearchAction\",\"target\":{\"@type\":\"EntryPoint\",\"urlTemplate\":\"https:\\\/\\\/www.heptown.com\\\/sv\\\/?s={search_term_string}\"},\"query-input\":{\"@type\":\"PropertyValueSpecification\",\"valueRequired\":true,\"valueName\":\"search_term_string\"}}],\"inLanguage\":\"sv-SE\"}]}<\/script>\n<!-- \/ Yoast SEO plugin. -->","yoast_head_json":{"title":"Kulturnatten i Lund Dansar 2019 - HepTown","robots":{"index":"index","follow":"follow","max-snippet":"max-snippet:-1","max-image-preview":"max-image-preview:large","max-video-preview":"max-video-preview:-1"},"canonical":"https:\/\/www.heptown.com\/sv\/calendar\/kulturnatten-i-lund-dansar-2019\/","og_locale":"sv_SE","og_type":"article","og_title":"Kulturnatten i Lund Dansar 2019 - HepTown","og_description":"P\u00e5 en dansbana p\u00e5 Stenkrossens innerg\u00e5rd bjuder massor av dansorganisationer upp till dans. Det blir gratis Prova-p\u00e5 och uppvisningar i allt fr\u00e5n magdans till Lindy Hop fr\u00e5n kl 12 till &hellip; Forts\u00e4tt l\u00e4sa \u201dKulturnatten i Lund Dansar 2019\u201d","og_url":"https:\/\/www.heptown.com\/sv\/calendar\/kulturnatten-i-lund-dansar-2019\/","og_site_name":"HepTown","article_publisher":"https:\/\/www.facebook.com\/SwinginHepTown","article_modified_time":"2019-09-21T16:17:46+00:00","og_image":[{"width":720,"height":283,"url":"https:\/\/www.heptown.com\/wp-content\/uploads\/2019\/05\/11852_image_61145662_2456808441004107_2338512609231241216_o.jpg","type":"image\/jpeg"}],"twitter_card":"summary_large_image","twitter_site":"@heptownswing","twitter_misc":{"Ber\u00e4knad l\u00e4stid":"2 minuter"},"schema":{"@context":"https:\/\/schema.org","@graph":[{"@type":"WebPage","@id":"https:\/\/www.heptown.com\/sv\/calendar\/kulturnatten-i-lund-dansar-2019\/","url":"https:\/\/www.heptown.com\/sv\/calendar\/kulturnatten-i-lund-dansar-2019\/","name":"Kulturnatten i Lund Dansar 2019 - HepTown","isPartOf":{"@id":"https:\/\/www.heptown.com\/sv\/#website"},"primaryImageOfPage":{"@id":"https:\/\/www.heptown.com\/sv\/calendar\/kulturnatten-i-lund-dansar-2019\/#primaryimage"},"image":{"@id":"https:\/\/www.heptown.com\/sv\/calendar\/kulturnatten-i-lund-dansar-2019\/#primaryimage"},"thumbnailUrl":"https:\/\/www.heptown.com\/wp-content\/uploads\/2019\/05\/11852_image_61145662_2456808441004107_2338512609231241216_o.jpg","datePublished":"2019-05-24T16:19:23+00:00","dateModified":"2019-09-21T16:17:46+00:00","breadcrumb":{"@id":"https:\/\/www.heptown.com\/sv\/calendar\/kulturnatten-i-lund-dansar-2019\/#breadcrumb"},"inLanguage":"sv-SE","potentialAction":[{"@type":"ReadAction","target":["https:\/\/www.heptown.com\/sv\/calendar\/kulturnatten-i-lund-dansar-2019\/"]}]},{"@type":"ImageObject","inLanguage":"sv-SE","@id":"https:\/\/www.heptown.com\/sv\/calendar\/kulturnatten-i-lund-dansar-2019\/#primaryimage","url":"https:\/\/www.heptown.com\/wp-content\/uploads\/2019\/05\/11852_image_61145662_2456808441004107_2338512609231241216_o.jpg","contentUrl":"https:\/\/www.heptown.com\/wp-content\/uploads\/2019\/05\/11852_image_61145662_2456808441004107_2338512609231241216_o.jpg","width":720,"height":283},{"@type":"BreadcrumbList","@id":"https:\/\/www.heptown.com\/sv\/calendar\/kulturnatten-i-lund-dansar-2019\/#breadcrumb","itemListElement":[{"@type":"ListItem","position":1,"name":"Hem","item":"https:\/\/www.heptown.com\/sv\/"},{"@type":"ListItem","position":2,"name":"Evenemang","item":"https:\/\/www.heptown.com\/sv\/calendar\/"},{"@type":"ListItem","position":3,"name":"Kulturnatten i Lund Dansar 2019"}]},{"@type":"WebSite","@id":"https:\/\/www.heptown.com\/sv\/#website","url":"https:\/\/www.heptown.com\/sv\/","name":"HepTown","description":"Swing Dance and Retro Culture","potentialAction":[{"@type":"SearchAction","target":{"@type":"EntryPoint","urlTemplate":"https:\/\/www.heptown.com\/sv\/?s={search_term_string}"},"query-input":{"@type":"PropertyValueSpecification","valueRequired":true,"valueName":"search_term_string"}}],"inLanguage":"sv-SE"}]}},"jetpack_sharing_enabled":true,"_links":{"self":[{"href":"https:\/\/www.heptown.com\/sv\/wp-json\/wp\/v2\/tribe_events\/11852","targetHints":{"allow":["GET"]}}],"collection":[{"href":"https:\/\/www.heptown.com\/sv\/wp-json\/wp\/v2\/tribe_events"}],"about":[{"href":"https:\/\/www.heptown.com\/sv\/wp-json\/wp\/v2\/types\/tribe_events"}],"author":[{"embeddable":true,"href":"https:\/\/www.heptown.com\/sv\/wp-json\/wp\/v2\/users\/5"}],"version-history":[{"count":57,"href":"https:\/\/www.heptown.com\/sv\/wp-json\/wp\/v2\/tribe_events\/11852\/revisions"}],"predecessor-version":[{"id":14722,"href":"https:\/\/www.heptown.com\/sv\/wp-json\/wp\/v2\/tribe_events\/11852\/revisions\/14722"}],"wp:featuredmedia":[{"embeddable":true,"href":"https:\/\/www.heptown.com\/sv\/wp-json\/wp\/v2\/media\/11853"}],"wp:attachment":[{"href":"https:\/\/www.heptown.com\/sv\/wp-json\/wp\/v2\/media?parent=11852"}],"wp:term":[{"taxonomy":"post_tag","embeddable":true,"href":"https:\/\/www.heptown.com\/sv\/wp-json\/wp\/v2\/tags?post=11852"},{"taxonomy":"tribe_events_cat","embeddable":true,"href":"https:\/\/www.heptown.com\/sv\/wp-json\/wp\/v2\/tribe_events_cat?post=11852"}],"curies":[{"name":"wp","href":"https:\/\/api.w.org\/{rel}","templated":true}]}}